{"id":11689,"date":"2025-10-08T11:38:42","date_gmt":"2025-10-08T10:38:42","guid":{"rendered":"https:\/\/www.visitmontemornovo.com\/?post_type=agenda&#038;p=11689"},"modified":"2025-10-08T11:38:43","modified_gmt":"2025-10-08T10:38:43","slug":"mes-da-musica-25","status":"publish","type":"agenda","link":"https:\/\/www.visitmontemornovo.com\/en\/agenda\/mes-da-musica-25\/","title":{"rendered":"M\u00eas da M\u00fasica &#8217;25"},"content":{"rendered":"\n<p><strong>M\u00caS DA M\u00daSICA &#8217;25<\/strong><br><strong>Concelho de Montemor-o-Novo<\/strong><br><strong>3 de outubro a 1 de novembro, 2025<\/strong><\/p>\n\n\n\n<p>Outubro \u00e9 o M\u00eas da M\u00fasica. No seu decorrer (e para al\u00e9m dos seus limites) voltamos a celebrar esta forma de arte. Embarcamos numa viagem que nos leva n\u00e3o s\u00f3 a v\u00e1rios locais do concelho, mas tamb\u00e9m nos leva a apreciar os mais variados g\u00e9neros musicais em concertos mais ou menos intimistas.<\/p>\n\n\n\n<p>Entre 3 de outubro e 1 de novembro escutaremos, por isso, a muita m\u00fasica, que nos \u00e9 trazida por artistas nacionais e internacionais. Convidamos-vos a assistir aos diversos concertos deste M\u00eas da M\u00fasica e a participar, em fam\u00edlia e com amigos, neste evento \u00edmpar.<\/p>\n\n\n\n<p>O M\u00eas da M\u00fasica est\u00e1 integrado na programa\u00e7\u00e3o do Cineteatro Curvo Semedo, tendo o apoio da Dire\u00e7\u00e3o-Geral das Artes e da Rede de Teatros e Cineteatros Portugueses.<\/p>\n\n\n\n<p>&#8212;<\/p>\n\n\n\n<p><strong><br>PROGRAMA COMPLETO:<\/strong><\/p>\n\n\n\n<p><strong><br>CICLO DE CONCERTOS INTIMISTAS: \u2018O TEMPO DAS ANDORINHAS &#8211; CANTIGAS DE DOR DE CORNO\u2019 [MANUEL JO\u00c3O VIEIRA] &#8211; ESGOTADO<br><\/strong><em>CTCS &#8211; RTCP: Acolhimentos<br><\/em><strong><br>Alma Box<br><\/strong><strong>3 de outubro, 2025<br><\/strong><strong>21h30<\/strong><\/p>\n\n\n\n<p>M\u00fasica<\/p>\n\n\n\n<p>Dura\u00e7\u00e3o: 60&#8242;<br>P\u00fablico geral<br>M12<\/p>\n\n\n\n<p><strong>Parceria:<\/strong> Alma d\u2019Arame<\/p>\n\n\n\n<p><strong>\/\/\/\/\/<\/strong><\/p>\n\n\n\n<p><strong>CONCERTO: \u2018P\u00c9ROLAS DO BARROCO\u2019 [ENSEMBLE ALORNA COM TERA SHIMIZU]<br><\/strong><em>CTCS &#8211; RTCP: Acolhimentos<br><\/em><strong><br>Jardim da Rua Fern\u00e3o Martins Mascarenhas (CHE)<br><\/strong><strong>4 de outubro, 2025<br><\/strong><strong>18h00<\/strong><\/p>\n\n\n\n<p>M\u00fasica<\/p>\n\n\n\n<p>Dura\u00e7\u00e3o: 120&#8242;<br>P\u00fablico geral<\/p>\n\n\n\n<p>\/\/\/\/\/<\/p>\n\n\n\n<p><strong>CONCERTO: \u2018WHEN BAROQUE MEETS JAZZ\u2019 [FILIPE RAPOSO E RITA MARIA]<\/strong><br><em>CTCS &#8211; RTCP: Acolhimentos<br><\/em><strong><br>Mercado de Santiago do Escoural<br><\/strong><strong>4 de outubro, 2025<br><\/strong><strong>21h30<\/strong><\/p>\n\n\n\n<p>M\u00fasica<\/p>\n\n\n\n<p>Dura\u00e7\u00e3o: 75\u2019<br>P\u00fablico geral<\/p>\n\n\n\n<p>\/\/\/\/\/<\/p>\n\n\n\n<p><strong>CONCERTO: MADRA\u00c7A CONVIDA PAULO RIBEIRO, CELINA DA PIEDADE E ANA SANTOS E GRUPO CORAL FORA D\u2019ORAS<\/strong><br><em>CTCS &#8211; RTCP: Circula\u00e7\u00e3o Nacional<br><\/em><strong><br>Cineteatro Curvo Semedo<br><\/strong><strong>5 de outubro, 2025<br><\/strong><strong>17h00<\/strong><\/p>\n\n\n\n<p>M\u00fasica<\/p>\n\n\n\n<p>Dura\u00e7\u00e3o: 60&#8242;<br>P\u00fablico geral<\/p>\n\n\n\n<p>\/\/\/\/\/<\/p>\n\n\n\n<p><strong>CONCERTO: NOVAS TEND\u00caNCIAS &#8216;OUR TIME&#8217; [MARCELO DOS REIS &#8216;FLORA&#8217;]<br><\/strong><em>CTCS &#8211; RTCP: Acolhimentos<\/em><strong><br>Cineteatro Curvo Semedo \u2013 Jardim<br><\/strong><strong>10 de outubro, 2025<br><\/strong><strong>21h30<\/strong><\/p>\n\n\n\n<p>M\u00fasica<\/p>\n\n\n\n<p>Dura\u00e7\u00e3o: 70&#8242;<br>P\u00fablico geral<\/p>\n\n\n\n<p>Curadoria: grupo de trabalho Vision\u00e1rios<strong>Coprodu\u00e7\u00e3o:<\/strong> Artemrede<\/p>\n\n\n\n<p><strong>\/\/\/\/\/<\/strong><\/p>\n\n\n\n<p><strong>RECITAL DE PIANO: \u2018DING-DING, MEU AMIGO\u2019 [AM\u00cdLCAR VASQUES-DIAS]<\/strong><br><em>CTCS &#8211; RTCP: Coprodu\u00e7\u00e3o<br><\/em><strong><br>Igreja de St.\u00aa Maria do Bispo, Castelo de Montemor-o-Novo<br><\/strong><strong>11 de outubro, 2025<br><\/strong><strong>18h00<\/strong><\/p>\n\n\n\n<p>M\u00fasica<\/p>\n\n\n\n<p>Dura\u00e7\u00e3o: 60\u2019<br>P\u00fablico geral<\/p>\n\n\n\n<p><strong>Parceria:<\/strong> Oficinas do Convento<\/p>\n\n\n\n<p>\/\/\/\/\/<\/p>\n\n\n\n<p><strong>ESPET\u00c1CULO: \u2018MERCEDES MAIS EU\u2019 [JANET NOV\u00c1S &amp; MERCEDES PE\u00d3N]<br><\/strong><strong>+<br><\/strong><strong>ESPET\u00c1CULO: \u2018TARANTO ALEATORIO\u2019 [MAR\u00cdA DEL MAR SU\u00c1REZ LA CHACHI &amp; LOLA DOLORES]<br><\/strong><em>CTCS &#8211; RTCP: Acolhimentos<\/em><em><strong><br>Double-bill: <\/strong>bilhete v\u00e1lido para ambos os espet\u00e1culos<br><\/em><strong><br>Cineteatro Curvo Semedo<br><\/strong><strong>11 de outubro, 2025<br><\/strong><strong>21h30<\/strong><\/p>\n\n\n\n<p>M\u00fasica, dan\u00e7a<\/p>\n\n\n\n<p>Dura\u00e7\u00e3o: 50\u2019 + 40\u2019 (Intervalo: 15\u2019)<br>Classifica\u00e7\u00e3o et\u00e1ria: M6<\/p>\n\n\n\n<p><strong>\/\/\/\/\/<\/strong><\/p>\n\n\n\n<p><strong>OFICINA: \u2018ESCUTAR COM AS M\u00c3OS\u2019 \u2013 TRANSFORMA\u00c7\u00c3O DE UM PIANO [PEDRO FERREIRA]<\/strong><br><em>CTCS &#8211; RTCP: Coprodu\u00e7\u00e3o<br><\/em><strong><br>Oficina da Crian\u00e7a<br><\/strong><strong>13 a 17 de outubro, 2025<br><\/strong><strong>10h00 \u2013 12h00 e 14h00 \u2013 18h00<\/strong><\/p>\n\n\n\n<p>Oficina, m\u00fasica<\/p>\n\n\n\n<p>Dura\u00e7\u00e3o: frequ\u00eancia livre<br>P\u00fablico Infantil<\/p>\n\n\n\n<p><strong>Parceria:<\/strong> Oficinas do Convento<\/p>\n\n\n\n<p>\/\/\/\/\/<\/p>\n\n\n\n<p><strong>CONCERTO: MARI FROES<\/strong><br><em>CTCS &#8211; RTCP: Acolhimentos<\/em><strong><br>Cineteatro Curvo Semedo<br><\/strong><strong>16 de outubro, 2025<br><\/strong><strong>21h30<\/strong><\/p>\n\n\n\n<p>M\u00fasica<\/p>\n\n\n\n<p>Dura\u00e7\u00e3o: 75&#8242;<br>P\u00fablico geral<\/p>\n\n\n\n<p>\/\/\/\/\/<\/p>\n\n\n\n<p><strong>CICLO DE CONCERTOS INTIMISTAS: &#8216;REBELDAN\u00c7A&#8217; O GAJO E RAIA<br><\/strong><em>CTCS &#8211; RTCP: Acolhimentos<\/em><strong><br>Alma Box<br><\/strong><strong>17 de outubro, 2025<br><\/strong><strong>21h30<\/strong><\/p>\n\n\n\n<p>M\u00fasica<\/p>\n\n\n\n<p>Dura\u00e7\u00e3o: 60&#8242;<br>P\u00fablico geral<\/p>\n\n\n\n<p><strong>Parceria:<\/strong> Alma d\u2019Arame<\/p>\n\n\n\n<p><strong>\/\/\/\/\/<\/strong><\/p>\n\n\n\n<p><strong>VISITA COMENTADA: \u2018BARROCAS BARROCAS\u2019 [SIRA CAMACHO]<\/strong><br><em>CTCS &#8211; RTCP: Acolhimentos<br><\/em><strong>Anta Capela de N.\u00aa Sr.\u00aa do Livramento<br><\/strong><strong>18 de outubro, 2025<br><\/strong><strong>10h30<\/strong><\/p>\n\n\n\n<p>Dura\u00e7\u00e3o: 120&#8242;<br>P\u00fablico geral<\/p>\n\n\n\n<p><strong>Inscri\u00e7\u00f5es: <\/strong><a href=\"mailto:cultura@cm-montemornovo.pt\">cultura@cm-montemornovo.pt<\/a><br>(Limite: 25 pessoas)<\/p>\n\n\n\n<p><strong>\/\/\/\/\/<\/strong><\/p>\n\n\n\n<p><strong>CONCERTO: CENTEN\u00c1RIO DE CARLOS PAREDES [JOHANNES KRIEGER E NUNO SALVADO]<br><\/strong><em>CTCS &#8211; RTCP: Acolhimentos<\/em><br><strong><br>Cineteatro Curvo Semedo \u2013 Jardim<br><\/strong><strong>18 de outubro, 2025<br><\/strong><strong>18h00<br><\/strong><br>M\u00fasica<\/p>\n\n\n\n<p>Dura\u00e7\u00e3o: 60&#8242;<br>P\u00fablico geral<\/p>\n\n\n\n<p><strong>\/\/\/\/\/<\/strong><\/p>\n\n\n\n<p><strong>CONCERTO: 75 ANOS DE MISS\u00c3O E LEGADO DE S. JO\u00c3O DE DEUS COM BANDA DA CARLISTA<br><\/strong><em>Acolhimento<\/em><\/p>\n\n\n\n<p><strong>Cineteatro Curvo Semedo<br><\/strong><strong>18 de outubro, 2025<br><\/strong><strong>21h30<\/strong><\/p>\n\n\n\n<p>M\u00fasica<\/p>\n\n\n\n<p>Dura\u00e7\u00e3o: 90&#8242;<br>P\u00fablico geral<\/p>\n\n\n\n<p>\/\/\/\/\/<\/p>\n\n\n\n<p><strong>CONCERTO: \u2018PLAYING WITH BEETHOVEN\u2019 [CARLOS BICA]<\/strong><br><em>CTCS &#8211; RTCP: Acolhimentos<br><\/em><strong><br>Cineteatro Curvo Semedo \u2013 Jardim<br><\/strong><strong>19 de outubro, 2025<br><\/strong><strong>17h00<\/strong><\/p>\n\n\n\n<p>M\u00fasica<\/p>\n\n\n\n<p>Dura\u00e7\u00e3o: 75\u2019<br>Classifica\u00e7\u00e3o et\u00e1ria: M6<\/p>\n\n\n\n<p><strong>\/\/\/\/\/<\/strong><\/p>\n\n\n\n<p><strong>CONCERTO: \u2018O MUNDO DA \u00d3PERA\u2019 [ORQUESTRA METROPOLITANA DE LISBOA]<br><\/strong><em>CTCS &#8211; RTCP: Acolhimentos<br><\/em><strong>Cineteatro Curvo Semedo<br><\/strong><strong>25 de outubro, 2025<br><\/strong><strong>21h30<\/strong><\/p>\n\n\n\n<p>M\u00fasica<\/p>\n\n\n\n<p>Dura\u00e7\u00e3o: 75\u2019<br>Classifica\u00e7\u00e3o et\u00e1ria: M6<\/p>\n\n\n\n<p><strong>Parceria:<\/strong> O Espa\u00e7o do Tempo<\/p>\n\n\n\n<p><strong>\/\/\/\/\/<\/strong><\/p>\n\n\n\n<p><strong>CONCERTO PARA BEB\u00c9S E CRIAN\u00c7AS: \u2018PEQUENOS PIRATAS\u2019 [GIRA SOL AZUL]<br><\/strong><em>Acolhimento<\/em><strong><br>Cineteatro Curvo Semedo \u2013 Sal\u00e3o Nobre<br><\/strong><strong>26 de outubro, 2025<br><\/strong><strong>11h00<\/strong><\/p>\n\n\n\n<p>M\u00fasica<\/p>\n\n\n\n<p>Dura\u00e7\u00e3o: 50&#8242;<br>P\u00fablico: Fam\u00edlias<\/p>\n\n\n\n<p><strong>Curadoria: <\/strong>grupo de trabalho Vision\u00e1rios<br><strong>Coprodu\u00e7\u00e3o:<\/strong> Artemrede<\/p>\n\n\n\n<p><strong>\/\/\/\/\/<\/strong><\/p>\n\n\n\n<p><strong>CICLO DE CONCERTOS INTIMISTAS: T\u00d3 TRIPS A SOLO &#8211; ESGOTADO<\/strong><br><em>CTCS &#8211; RTCP: Acolhimentos<br><\/em><strong>Alma Box<br><\/strong><strong>31 de outubro, 2025<br><\/strong><strong>21h30<\/strong><\/p>\n\n\n\n<p>M\u00fasica<\/p>\n\n\n\n<p>Dura\u00e7\u00e3o: 60&#8242;<br>P\u00fablico geral<\/p>\n\n\n\n<p><strong>Parceria:<\/strong> Alma d\u2019Arame<\/p>\n\n\n\n<p><strong>\/\/\/\/\/<\/strong><\/p>\n\n\n\n<p><strong>ESPET\u00c1CULO: \u2018CANTADEIRAS\u2019 [HELENA CALDEIRA | BESTI\u00c1RIO]<br><\/strong><em>CTCS &#8211; RTCP: Resid\u00eancias Art\u00edsticas<br><\/em><strong>Cineteatro Curvo Semedo<br><\/strong><strong>1 de novembro, 2025<br><\/strong><strong>21h30<\/strong><\/p>\n\n\n\n<p>M\u00fasica, performance<\/p>\n\n\n\n<p>Dura\u00e7\u00e3o: 50\u2019<br>Classifica\u00e7\u00e3o et\u00e1ria: M14<\/p>\n\n\n\n<p><strong>\/\/\/\/\/<\/strong><\/p>\n\n\n\n<p><em><strong>Bilhetes brevemente dispon\u00edveis na <a href=\"https:\/\/municipiomontemoronovo.bol.pt\/\">BOL do Munic\u00edpio de Montemor-o-Novo<\/a> e no Posto de Turismo<\/strong><\/em><\/p>\n\n\n\n<figure class=\"wp-block-gallery has-nested-images columns-default is-cropped wp-block-gallery-1 is-layout-flex wp-block-gallery-is-layout-flex\">\n<figure class=\"wp-block-image size-large\"><img fetchpriority=\"high\" decoding=\"async\" width=\"819\" height=\"1024\" data-id=\"11690\" src=\"https:\/\/www.visitmontemornovo.com\/wp-content\/uploads\/2025\/10\/post_grelha_mes_da_musica_01-819x1024.jpg\" alt=\"\" class=\"wp-image-11690\" srcset=\"https:\/\/www.visitmontemornovo.com\/wp-content\/uploads\/2025\/10\/post_grelha_mes_da_musica_01-819x1024.jpg 819w, https:\/\/www.visitmontemornovo.com\/wp-content\/uploads\/2025\/10\/post_grelha_mes_da_musica_01-240x300.jpg 240w, https:\/\/www.visitmontemornovo.com\/wp-content\/uploads\/2025\/10\/post_grelha_mes_da_musica_01-768x960.jpg 768w, https:\/\/www.visitmontemornovo.com\/wp-content\/uploads\/2025\/10\/post_grelha_mes_da_musica_01-10x12.jpg 10w, https:\/\/www.visitmontemornovo.com\/wp-content\/uploads\/2025\/10\/post_grelha_mes_da_musica_01.jpg 1080w\" sizes=\"(max-width: 819px) 100vw, 819px\" \/><\/figure>\n\n\n\n<figure class=\"wp-block-image size-large\"><img decoding=\"async\" width=\"819\" height=\"1024\" data-id=\"11691\" src=\"https:\/\/www.visitmontemornovo.com\/wp-content\/uploads\/2025\/10\/post_grelha_mes_da_musica_02-819x1024.jpg\" alt=\"\" class=\"wp-image-11691\" srcset=\"https:\/\/www.visitmontemornovo.com\/wp-content\/uploads\/2025\/10\/post_grelha_mes_da_musica_02-819x1024.jpg 819w, https:\/\/www.visitmontemornovo.com\/wp-content\/uploads\/2025\/10\/post_grelha_mes_da_musica_02-240x300.jpg 240w, https:\/\/www.visitmontemornovo.com\/wp-content\/uploads\/2025\/10\/post_grelha_mes_da_musica_02-768x960.jpg 768w, https:\/\/www.visitmontemornovo.com\/wp-content\/uploads\/2025\/10\/post_grelha_mes_da_musica_02-10x12.jpg 10w, https:\/\/www.visitmontemornovo.com\/wp-content\/uploads\/2025\/10\/post_grelha_mes_da_musica_02.jpg 1080w\" sizes=\"(max-width: 819px) 100vw, 819px\" \/><\/figure>\n\n\n\n<figure class=\"wp-block-image size-large\"><img decoding=\"async\" width=\"819\" height=\"1024\" data-id=\"11692\" src=\"https:\/\/www.visitmontemornovo.com\/wp-content\/uploads\/2025\/10\/post_grelha_mes_da_musica_03-819x1024.jpg\" alt=\"\" class=\"wp-image-11692\" srcset=\"https:\/\/www.visitmontemornovo.com\/wp-content\/uploads\/2025\/10\/post_grelha_mes_da_musica_03-819x1024.jpg 819w, https:\/\/www.visitmontemornovo.com\/wp-content\/uploads\/2025\/10\/post_grelha_mes_da_musica_03-240x300.jpg 240w, https:\/\/www.visitmontemornovo.com\/wp-content\/uploads\/2025\/10\/post_grelha_mes_da_musica_03-768x960.jpg 768w, https:\/\/www.visitmontemornovo.com\/wp-content\/uploads\/2025\/10\/post_grelha_mes_da_musica_03-10x12.jpg 10w, https:\/\/www.visitmontemornovo.com\/wp-content\/uploads\/2025\/10\/post_grelha_mes_da_musica_03.jpg 1080w\" sizes=\"(max-width: 819px) 100vw, 819px\" \/><\/figure>\n\n\n\n<figure class=\"wp-block-image size-large\"><img loading=\"lazy\" decoding=\"async\" width=\"819\" height=\"1024\" data-id=\"11693\" src=\"https:\/\/www.visitmontemornovo.com\/wp-content\/uploads\/2025\/10\/post_grelha_mes_da_musica_04-819x1024.jpg\" alt=\"\" class=\"wp-image-11693\" srcset=\"https:\/\/www.visitmontemornovo.com\/wp-content\/uploads\/2025\/10\/post_grelha_mes_da_musica_04-819x1024.jpg 819w, https:\/\/www.visitmontemornovo.com\/wp-content\/uploads\/2025\/10\/post_grelha_mes_da_musica_04-240x300.jpg 240w, https:\/\/www.visitmontemornovo.com\/wp-content\/uploads\/2025\/10\/post_grelha_mes_da_musica_04-768x960.jpg 768w, https:\/\/www.visitmontemornovo.com\/wp-content\/uploads\/2025\/10\/post_grelha_mes_da_musica_04-10x12.jpg 10w, https:\/\/www.visitmontemornovo.com\/wp-content\/uploads\/2025\/10\/post_grelha_mes_da_musica_04.jpg 1080w\" sizes=\"(max-width: 819px) 100vw, 819px\" \/><\/figure>\n\n\n\n<figure class=\"wp-block-image size-large\"><img loading=\"lazy\" decoding=\"async\" width=\"819\" height=\"1024\" data-id=\"11694\" src=\"https:\/\/www.visitmontemornovo.com\/wp-content\/uploads\/2025\/10\/post_grelha_mes_da_musica_05-819x1024.jpg\" alt=\"\" class=\"wp-image-11694\" srcset=\"https:\/\/www.visitmontemornovo.com\/wp-content\/uploads\/2025\/10\/post_grelha_mes_da_musica_05-819x1024.jpg 819w, https:\/\/www.visitmontemornovo.com\/wp-content\/uploads\/2025\/10\/post_grelha_mes_da_musica_05-240x300.jpg 240w, https:\/\/www.visitmontemornovo.com\/wp-content\/uploads\/2025\/10\/post_grelha_mes_da_musica_05-768x960.jpg 768w, https:\/\/www.visitmontemornovo.com\/wp-content\/uploads\/2025\/10\/post_grelha_mes_da_musica_05-10x12.jpg 10w, https:\/\/www.visitmontemornovo.com\/wp-content\/uploads\/2025\/10\/post_grelha_mes_da_musica_05.jpg 1080w\" sizes=\"(max-width: 819px) 100vw, 819px\" \/><\/figure>\n\n\n\n<figure class=\"wp-block-image size-large\"><img loading=\"lazy\" decoding=\"async\" width=\"819\" height=\"1024\" data-id=\"11695\" src=\"https:\/\/www.visitmontemornovo.com\/wp-content\/uploads\/2025\/10\/post_grelha_mes_da_musica_06-819x1024.jpg\" alt=\"\" class=\"wp-image-11695\" srcset=\"https:\/\/www.visitmontemornovo.com\/wp-content\/uploads\/2025\/10\/post_grelha_mes_da_musica_06-819x1024.jpg 819w, https:\/\/www.visitmontemornovo.com\/wp-content\/uploads\/2025\/10\/post_grelha_mes_da_musica_06-240x300.jpg 240w, https:\/\/www.visitmontemornovo.com\/wp-content\/uploads\/2025\/10\/post_grelha_mes_da_musica_06-768x960.jpg 768w, https:\/\/www.visitmontemornovo.com\/wp-content\/uploads\/2025\/10\/post_grelha_mes_da_musica_06-10x12.jpg 10w, https:\/\/www.visitmontemornovo.com\/wp-content\/uploads\/2025\/10\/post_grelha_mes_da_musica_06.jpg 1080w\" sizes=\"(max-width: 819px) 100vw, 819px\" \/><\/figure>\n<\/figure>\n","protected":false},"excerpt":{"rendered":"<p>M\u00caS DA M\u00daSICA &#8217;25Concelho de Montemor-o-Novo3 de outubro a 1 de novembro, 2025 Outubro \u00e9 o M\u00eas da M\u00fasica. No seu decorrer (e para al\u00e9m dos seus limites) voltamos a celebrar esta forma de arte. Embarcamos numa viagem que nos leva n\u00e3o s\u00f3 a v\u00e1rios locais do concelho, mas tamb\u00e9m nos leva a apreciar os [&hellip;]<\/p>\n","protected":false},"featured_media":11696,"template":"","meta":{"footnotes":""},"class_list":["post-11689","agenda","type-agenda","status-publish","has-post-thumbnail","hentry"],"yoast_head":"<!-- This site is optimized with the Yoast SEO plugin v27.0 - https:\/\/yoast.com\/product\/yoast-seo-wordpress\/ -->\n<title>M\u00eas da M\u00fasica &#039;25 | Agenda | Visit Montemor-o-Novo | Portal de Turismo<\/title>\n<meta name=\"description\" content=\"O M\u00eas da M\u00fasica &#039;25 est\u00e1 integrado na programa\u00e7\u00e3o do Cineteatro Curvo Semedo, tendo o apoio da Dire\u00e7\u00e3o-Geral das Artes e da Rede de Teatros e Cineteatros Portugueses.\" \/>\n<meta name=\"robots\" content=\"index, follow, max-snippet:-1, max-image-preview:large, max-video-preview:-1\" \/>\n<link rel=\"canonical\" href=\"https:\/\/www.visitmontemornovo.com\/en\/diary\/mes-da-musica-25\/\" \/>\n<meta property=\"og:locale\" content=\"en_GB\" \/>\n<meta property=\"og:type\" content=\"article\" \/>\n<meta property=\"og:title\" content=\"M\u00eas da M\u00fasica &#039;25 | Agenda | Visit Montemor-o-Novo | Portal de Turismo\" \/>\n<meta property=\"og:description\" content=\"O M\u00eas da M\u00fasica &#039;25 est\u00e1 integrado na programa\u00e7\u00e3o do Cineteatro Curvo Semedo, tendo o apoio da Dire\u00e7\u00e3o-Geral das Artes e da Rede de Teatros e Cineteatros Portugueses.\" \/>\n<meta property=\"og:url\" content=\"https:\/\/www.visitmontemornovo.com\/en\/diary\/mes-da-musica-25\/\" \/>\n<meta property=\"og:site_name\" content=\"Visit Montemor-o-Novo\" \/>\n<meta property=\"article:publisher\" content=\"https:\/\/www.facebook.com\/portalvisitmontemornovo\" \/>\n<meta property=\"article:modified_time\" content=\"2025-10-08T10:38:43+00:00\" \/>\n<meta property=\"og:image\" content=\"https:\/\/www.visitmontemornovo.com\/wp-content\/uploads\/2025\/10\/banner_site_municipio.jpg\" \/>\n\t<meta property=\"og:image:width\" content=\"1920\" \/>\n\t<meta property=\"og:image:height\" content=\"650\" \/>\n\t<meta property=\"og:image:type\" content=\"image\/jpeg\" \/>\n<meta name=\"twitter:card\" content=\"summary_large_image\" \/>\n<meta name=\"twitter:label1\" content=\"Estimated reading time\" \/>\n\t<meta name=\"twitter:data1\" content=\"6 minutes\" \/>\n<script type=\"application\/ld+json\" class=\"yoast-schema-graph\">{\"@context\":\"https:\/\/schema.org\",\"@graph\":[{\"@type\":\"WebPage\",\"@id\":\"https:\/\/www.visitmontemornovo.com\/agenda\/mes-da-musica-25\/\",\"url\":\"https:\/\/www.visitmontemornovo.com\/agenda\/mes-da-musica-25\/\",\"name\":\"M\u00eas da M\u00fasica '25 | Agenda | Visit Montemor-o-Novo | Portal de Turismo\",\"isPartOf\":{\"@id\":\"https:\/\/www.visitmontemornovo.com\/#website\"},\"primaryImageOfPage\":{\"@id\":\"https:\/\/www.visitmontemornovo.com\/agenda\/mes-da-musica-25\/#primaryimage\"},\"image\":{\"@id\":\"https:\/\/www.visitmontemornovo.com\/agenda\/mes-da-musica-25\/#primaryimage\"},\"thumbnailUrl\":\"https:\/\/www.visitmontemornovo.com\/wp-content\/uploads\/2025\/10\/banner_site_municipio.jpg\",\"datePublished\":\"2025-10-08T10:38:42+00:00\",\"dateModified\":\"2025-10-08T10:38:43+00:00\",\"description\":\"O M\u00eas da M\u00fasica '25 est\u00e1 integrado na programa\u00e7\u00e3o do Cineteatro Curvo Semedo, tendo o apoio da Dire\u00e7\u00e3o-Geral das Artes e da Rede de Teatros e Cineteatros Portugueses.\",\"breadcrumb\":{\"@id\":\"https:\/\/www.visitmontemornovo.com\/agenda\/mes-da-musica-25\/#breadcrumb\"},\"inLanguage\":\"en-GB\",\"potentialAction\":[{\"@type\":\"ReadAction\",\"target\":[\"https:\/\/www.visitmontemornovo.com\/agenda\/mes-da-musica-25\/\"]}]},{\"@type\":\"ImageObject\",\"inLanguage\":\"en-GB\",\"@id\":\"https:\/\/www.visitmontemornovo.com\/agenda\/mes-da-musica-25\/#primaryimage\",\"url\":\"https:\/\/www.visitmontemornovo.com\/wp-content\/uploads\/2025\/10\/banner_site_municipio.jpg\",\"contentUrl\":\"https:\/\/www.visitmontemornovo.com\/wp-content\/uploads\/2025\/10\/banner_site_municipio.jpg\",\"width\":1920,\"height\":650},{\"@type\":\"BreadcrumbList\",\"@id\":\"https:\/\/www.visitmontemornovo.com\/agenda\/mes-da-musica-25\/#breadcrumb\",\"itemListElement\":[{\"@type\":\"ListItem\",\"position\":1,\"name\":\"In\u00edcio\",\"item\":\"https:\/\/www.visitmontemornovo.com\/\"},{\"@type\":\"ListItem\",\"position\":2,\"name\":\"M\u00eas da M\u00fasica &#8217;25\"}]},{\"@type\":\"WebSite\",\"@id\":\"https:\/\/www.visitmontemornovo.com\/#website\",\"url\":\"https:\/\/www.visitmontemornovo.com\/\",\"name\":\"Visit Montemor-o-Novo\",\"description\":\"Portal de Turismo\",\"publisher\":{\"@id\":\"https:\/\/www.visitmontemornovo.com\/#organization\"},\"potentialAction\":[{\"@type\":\"SearchAction\",\"target\":{\"@type\":\"EntryPoint\",\"urlTemplate\":\"https:\/\/www.visitmontemornovo.com\/?s={search_term_string}\"},\"query-input\":{\"@type\":\"PropertyValueSpecification\",\"valueRequired\":true,\"valueName\":\"search_term_string\"}}],\"inLanguage\":\"en-GB\"},{\"@type\":\"Organization\",\"@id\":\"https:\/\/www.visitmontemornovo.com\/#organization\",\"name\":\"Visit Montemor-o-Novo\",\"url\":\"https:\/\/www.visitmontemornovo.com\/\",\"logo\":{\"@type\":\"ImageObject\",\"inLanguage\":\"en-GB\",\"@id\":\"https:\/\/www.visitmontemornovo.com\/#\/schema\/logo\/image\/\",\"url\":\"https:\/\/www.visitmontemornovo.com\/wp-content\/uploads\/2025\/02\/logo-visit.svg\",\"contentUrl\":\"https:\/\/www.visitmontemornovo.com\/wp-content\/uploads\/2025\/02\/logo-visit.svg\",\"width\":538,\"height\":93,\"caption\":\"Visit Montemor-o-Novo\"},\"image\":{\"@id\":\"https:\/\/www.visitmontemornovo.com\/#\/schema\/logo\/image\/\"},\"sameAs\":[\"https:\/\/www.facebook.com\/portalvisitmontemornovo\",\"https:\/\/www.instagram.com\/portalvisitmontemornovo\"]}]}<\/script>\n<!-- \/ Yoast SEO plugin. -->","yoast_head_json":{"title":"M\u00eas da M\u00fasica '25 | Agenda | Visit Montemor-o-Novo | Portal de Turismo","description":"O M\u00eas da M\u00fasica '25 est\u00e1 integrado na programa\u00e7\u00e3o do Cineteatro Curvo Semedo, tendo o apoio da Dire\u00e7\u00e3o-Geral das Artes e da Rede de Teatros e Cineteatros Portugueses.","robots":{"index":"index","follow":"follow","max-snippet":"max-snippet:-1","max-image-preview":"max-image-preview:large","max-video-preview":"max-video-preview:-1"},"canonical":"https:\/\/www.visitmontemornovo.com\/en\/diary\/mes-da-musica-25\/","og_locale":"en_GB","og_type":"article","og_title":"M\u00eas da M\u00fasica '25 | Agenda | Visit Montemor-o-Novo | Portal de Turismo","og_description":"O M\u00eas da M\u00fasica '25 est\u00e1 integrado na programa\u00e7\u00e3o do Cineteatro Curvo Semedo, tendo o apoio da Dire\u00e7\u00e3o-Geral das Artes e da Rede de Teatros e Cineteatros Portugueses.","og_url":"https:\/\/www.visitmontemornovo.com\/en\/diary\/mes-da-musica-25\/","og_site_name":"Visit Montemor-o-Novo","article_publisher":"https:\/\/www.facebook.com\/portalvisitmontemornovo","article_modified_time":"2025-10-08T10:38:43+00:00","og_image":[{"width":1920,"height":650,"url":"https:\/\/www.visitmontemornovo.com\/wp-content\/uploads\/2025\/10\/banner_site_municipio.jpg","type":"image\/jpeg"}],"twitter_card":"summary_large_image","twitter_misc":{"Estimated reading time":"6 minutes"},"schema":{"@context":"https:\/\/schema.org","@graph":[{"@type":"WebPage","@id":"https:\/\/www.visitmontemornovo.com\/agenda\/mes-da-musica-25\/","url":"https:\/\/www.visitmontemornovo.com\/agenda\/mes-da-musica-25\/","name":"M\u00eas da M\u00fasica '25 | Agenda | Visit Montemor-o-Novo | Portal de Turismo","isPartOf":{"@id":"https:\/\/www.visitmontemornovo.com\/#website"},"primaryImageOfPage":{"@id":"https:\/\/www.visitmontemornovo.com\/agenda\/mes-da-musica-25\/#primaryimage"},"image":{"@id":"https:\/\/www.visitmontemornovo.com\/agenda\/mes-da-musica-25\/#primaryimage"},"thumbnailUrl":"https:\/\/www.visitmontemornovo.com\/wp-content\/uploads\/2025\/10\/banner_site_municipio.jpg","datePublished":"2025-10-08T10:38:42+00:00","dateModified":"2025-10-08T10:38:43+00:00","description":"O M\u00eas da M\u00fasica '25 est\u00e1 integrado na programa\u00e7\u00e3o do Cineteatro Curvo Semedo, tendo o apoio da Dire\u00e7\u00e3o-Geral das Artes e da Rede de Teatros e Cineteatros Portugueses.","breadcrumb":{"@id":"https:\/\/www.visitmontemornovo.com\/agenda\/mes-da-musica-25\/#breadcrumb"},"inLanguage":"en-GB","potentialAction":[{"@type":"ReadAction","target":["https:\/\/www.visitmontemornovo.com\/agenda\/mes-da-musica-25\/"]}]},{"@type":"ImageObject","inLanguage":"en-GB","@id":"https:\/\/www.visitmontemornovo.com\/agenda\/mes-da-musica-25\/#primaryimage","url":"https:\/\/www.visitmontemornovo.com\/wp-content\/uploads\/2025\/10\/banner_site_municipio.jpg","contentUrl":"https:\/\/www.visitmontemornovo.com\/wp-content\/uploads\/2025\/10\/banner_site_municipio.jpg","width":1920,"height":650},{"@type":"BreadcrumbList","@id":"https:\/\/www.visitmontemornovo.com\/agenda\/mes-da-musica-25\/#breadcrumb","itemListElement":[{"@type":"ListItem","position":1,"name":"In\u00edcio","item":"https:\/\/www.visitmontemornovo.com\/"},{"@type":"ListItem","position":2,"name":"M\u00eas da M\u00fasica &#8217;25"}]},{"@type":"WebSite","@id":"https:\/\/www.visitmontemornovo.com\/#website","url":"https:\/\/www.visitmontemornovo.com\/","name":"Visit Montemor-o-Novo","description":"Tourism Portal","publisher":{"@id":"https:\/\/www.visitmontemornovo.com\/#organization"},"potentialAction":[{"@type":"SearchAction","target":{"@type":"EntryPoint","urlTemplate":"https:\/\/www.visitmontemornovo.com\/?s={search_term_string}"},"query-input":{"@type":"PropertyValueSpecification","valueRequired":true,"valueName":"search_term_string"}}],"inLanguage":"en-GB"},{"@type":"Organization","@id":"https:\/\/www.visitmontemornovo.com\/#organization","name":"Visit Montemor-o-Novo","url":"https:\/\/www.visitmontemornovo.com\/","logo":{"@type":"ImageObject","inLanguage":"en-GB","@id":"https:\/\/www.visitmontemornovo.com\/#\/schema\/logo\/image\/","url":"https:\/\/www.visitmontemornovo.com\/wp-content\/uploads\/2025\/02\/logo-visit.svg","contentUrl":"https:\/\/www.visitmontemornovo.com\/wp-content\/uploads\/2025\/02\/logo-visit.svg","width":538,"height":93,"caption":"Visit Montemor-o-Novo"},"image":{"@id":"https:\/\/www.visitmontemornovo.com\/#\/schema\/logo\/image\/"},"sameAs":["https:\/\/www.facebook.com\/portalvisitmontemornovo","https:\/\/www.instagram.com\/portalvisitmontemornovo"]}]}},"_links":{"self":[{"href":"https:\/\/www.visitmontemornovo.com\/en\/wp-json\/wp\/v2\/agenda\/11689","targetHints":{"allow":["GET"]}}],"collection":[{"href":"https:\/\/www.visitmontemornovo.com\/en\/wp-json\/wp\/v2\/agenda"}],"about":[{"href":"https:\/\/www.visitmontemornovo.com\/en\/wp-json\/wp\/v2\/types\/agenda"}],"version-history":[{"count":1,"href":"https:\/\/www.visitmontemornovo.com\/en\/wp-json\/wp\/v2\/agenda\/11689\/revisions"}],"predecessor-version":[{"id":11697,"href":"https:\/\/www.visitmontemornovo.com\/en\/wp-json\/wp\/v2\/agenda\/11689\/revisions\/11697"}],"wp:featuredmedia":[{"embeddable":true,"href":"https:\/\/www.visitmontemornovo.com\/en\/wp-json\/wp\/v2\/media\/11696"}],"wp:attachment":[{"href":"https:\/\/www.visitmontemornovo.com\/en\/wp-json\/wp\/v2\/media?parent=11689"}],"curies":[{"name":"wp","href":"https:\/\/api.w.org\/{rel}","templated":true}]}}